{"id":1701,"date":"2023-10-19T02:31:22","date_gmt":"2023-10-19T00:31:22","guid":{"rendered":"https:\/\/www.kairosquartett.com\/?post_type=andere-stimmen&#038;p=1701"},"modified":"2023-10-19T02:31:23","modified_gmt":"2023-10-19T00:31:23","slug":"gerd-kuehr-komponist","status":"publish","type":"andere-stimmen","link":"https:\/\/www.kairosquartett.de\/en\/other-reviews\/gerd-kuehr-komponist\/","title":{"rendered":"Gerd K\u00fchr, Komponist"},"content":{"rendered":"\n<p>Ich muss und m\u00f6chte mich nach meiner R\u00fcckkehr gleich noch einmal melden und mich f\u00fcr Eure Professionalit\u00e4t und Musikalit\u00e4t bedanken. Es hat mir wieder gro\u00dfe Freude gemacht, Euch zu h\u00f6ren, zu sehen, zu treffen, zu sprechen.<\/p>\n","protected":false},"excerpt":{"rendered":"<p>Ich muss und m\u00f6chte mich nach meiner R\u00fcckkehr gleich noch einmal melden und mich f\u00fcr Eure Professionalit\u00e4t und Musikalit\u00e4t bedanken. Es hat mir wieder gro\u00dfe Freude gemacht, Euch zu h\u00f6ren,&hellip;<\/p>\n","protected":false},"featured_media":0,"menu_order":0,"template":"","class_list":["post-1701","andere-stimmen","type-andere-stimmen","status-publish","hentry","no-post-thumbnail"],"acf":[],"yoast_head":"<!-- This site is optimized with the Yoast SEO plugin v27.4 - https:\/\/yoast.com\/product\/yoast-seo-wordpress\/ -->\n<title>Gerd K\u00fchr, Komponist &#8226; Kairos Quartett<\/title>\n<meta name=\"robots\" content=\"index, follow, max-snippet:-1, max-image-preview:large, max-video-preview:-1\" \/>\n<link rel=\"canonical\" href=\"https:\/\/www.kairosquartett.de\/en\/other-reviews\/gerd-kuehr-komponist\/\" \/>\n<meta property=\"og:locale\" content=\"en_US\" \/>\n<meta property=\"og:type\" content=\"article\" \/>\n<meta property=\"og:title\" content=\"Gerd K\u00fchr, Komponist &#8226; Kairos Quartett\" \/>\n<meta property=\"og:description\" content=\"Ich muss und m\u00f6chte mich nach meiner R\u00fcckkehr gleich noch einmal melden und mich f\u00fcr Eure Professionalit\u00e4t und Musikalit\u00e4t bedanken. Es hat mir wieder gro\u00dfe Freude gemacht, Euch zu h\u00f6ren,&hellip;\" \/>\n<meta property=\"og:url\" content=\"https:\/\/www.kairosquartett.de\/en\/other-reviews\/gerd-kuehr-komponist\/\" \/>\n<meta property=\"og:site_name\" content=\"Kairos Quartett\" \/>\n<meta property=\"article:publisher\" content=\"https:\/\/www.facebook.com\/people\/Kairos-Quartett\/100083232457507\/\" \/>\n<meta property=\"article:modified_time\" content=\"2023-10-19T00:31:23+00:00\" \/>\n<meta name=\"twitter:card\" content=\"summary_large_image\" \/>\n<script type=\"application\/ld+json\" class=\"yoast-schema-graph\">{\"@context\":\"https:\\\/\\\/schema.org\",\"@graph\":[{\"@type\":\"WebPage\",\"@id\":\"https:\\\/\\\/www.kairosquartett.de\\\/en\\\/other-reviews\\\/gerd-kuehr-komponist\\\/\",\"url\":\"https:\\\/\\\/www.kairosquartett.de\\\/en\\\/other-reviews\\\/gerd-kuehr-komponist\\\/\",\"name\":\"Gerd K\u00fchr, Komponist &#8226; Kairos Quartett\",\"isPartOf\":{\"@id\":\"https:\\\/\\\/www.kairosquartett.de\\\/en\\\/#website\"},\"datePublished\":\"2023-10-19T00:31:22+00:00\",\"dateModified\":\"2023-10-19T00:31:23+00:00\",\"breadcrumb\":{\"@id\":\"https:\\\/\\\/www.kairosquartett.de\\\/en\\\/other-reviews\\\/gerd-kuehr-komponist\\\/#breadcrumb\"},\"inLanguage\":\"en-US\",\"potentialAction\":[{\"@type\":\"ReadAction\",\"target\":[\"https:\\\/\\\/www.kairosquartett.de\\\/en\\\/other-reviews\\\/gerd-kuehr-komponist\\\/\"]}]},{\"@type\":\"BreadcrumbList\",\"@id\":\"https:\\\/\\\/www.kairosquartett.de\\\/en\\\/other-reviews\\\/gerd-kuehr-komponist\\\/#breadcrumb\",\"itemListElement\":[{\"@type\":\"ListItem\",\"position\":1,\"name\":\"Startseite\",\"item\":\"https:\\\/\\\/www.kairosquartett.de\\\/en\\\/welcome\\\/\"},{\"@type\":\"ListItem\",\"position\":2,\"name\":\"Andere Stimmen\",\"item\":\"https:\\\/\\\/www.kairosquartett.de\\\/en\\\/other-reviews\\\/\"},{\"@type\":\"ListItem\",\"position\":3,\"name\":\"Gerd K\u00fchr, Komponist\"}]},{\"@type\":\"WebSite\",\"@id\":\"https:\\\/\\\/www.kairosquartett.de\\\/en\\\/#website\",\"url\":\"https:\\\/\\\/www.kairosquartett.de\\\/en\\\/\",\"name\":\"Kairos Quartett\",\"description\":\"Official website of the Kairos Quartett, a professional quartet specialised in contemporary music based in Berlin, Germany.\",\"publisher\":{\"@id\":\"https:\\\/\\\/www.kairosquartett.de\\\/en\\\/#organization\"},\"potentialAction\":[{\"@type\":\"SearchAction\",\"target\":{\"@type\":\"EntryPoint\",\"urlTemplate\":\"https:\\\/\\\/www.kairosquartett.de\\\/en\\\/?s={search_term_string}\"},\"query-input\":{\"@type\":\"PropertyValueSpecification\",\"valueRequired\":true,\"valueName\":\"search_term_string\"}}],\"inLanguage\":\"en-US\"},{\"@type\":\"Organization\",\"@id\":\"https:\\\/\\\/www.kairosquartett.de\\\/en\\\/#organization\",\"name\":\"Kairos Quartett\",\"url\":\"https:\\\/\\\/www.kairosquartett.de\\\/en\\\/\",\"logo\":{\"@type\":\"ImageObject\",\"inLanguage\":\"en-US\",\"@id\":\"https:\\\/\\\/www.kairosquartett.de\\\/en\\\/#\\\/schema\\\/logo\\\/image\\\/\",\"url\":\"https:\\\/\\\/www.kairosquartett.com\\\/wp-content\\\/uploads\\\/2023\\\/10\\\/cropped-kq-logo-512px.jpg\",\"contentUrl\":\"https:\\\/\\\/www.kairosquartett.com\\\/wp-content\\\/uploads\\\/2023\\\/10\\\/cropped-kq-logo-512px.jpg\",\"width\":512,\"height\":512,\"caption\":\"Kairos Quartett\"},\"image\":{\"@id\":\"https:\\\/\\\/www.kairosquartett.de\\\/en\\\/#\\\/schema\\\/logo\\\/image\\\/\"},\"sameAs\":[\"https:\\\/\\\/www.facebook.com\\\/people\\\/Kairos-Quartett\\\/100083232457507\\\/\"]}]}<\/script>\n<!-- \/ Yoast SEO plugin. -->","yoast_head_json":{"title":"Gerd K\u00fchr, Komponist &#8226; Kairos Quartett","robots":{"index":"index","follow":"follow","max-snippet":"max-snippet:-1","max-image-preview":"max-image-preview:large","max-video-preview":"max-video-preview:-1"},"canonical":"https:\/\/www.kairosquartett.de\/en\/other-reviews\/gerd-kuehr-komponist\/","og_locale":"en_US","og_type":"article","og_title":"Gerd K\u00fchr, Komponist &#8226; Kairos Quartett","og_description":"Ich muss und m\u00f6chte mich nach meiner R\u00fcckkehr gleich noch einmal melden und mich f\u00fcr Eure Professionalit\u00e4t und Musikalit\u00e4t bedanken. Es hat mir wieder gro\u00dfe Freude gemacht, Euch zu h\u00f6ren,&hellip;","og_url":"https:\/\/www.kairosquartett.de\/en\/other-reviews\/gerd-kuehr-komponist\/","og_site_name":"Kairos Quartett","article_publisher":"https:\/\/www.facebook.com\/people\/Kairos-Quartett\/100083232457507\/","article_modified_time":"2023-10-19T00:31:23+00:00","twitter_card":"summary_large_image","schema":{"@context":"https:\/\/schema.org","@graph":[{"@type":"WebPage","@id":"https:\/\/www.kairosquartett.de\/en\/other-reviews\/gerd-kuehr-komponist\/","url":"https:\/\/www.kairosquartett.de\/en\/other-reviews\/gerd-kuehr-komponist\/","name":"Gerd K\u00fchr, Komponist &#8226; Kairos Quartett","isPartOf":{"@id":"https:\/\/www.kairosquartett.de\/en\/#website"},"datePublished":"2023-10-19T00:31:22+00:00","dateModified":"2023-10-19T00:31:23+00:00","breadcrumb":{"@id":"https:\/\/www.kairosquartett.de\/en\/other-reviews\/gerd-kuehr-komponist\/#breadcrumb"},"inLanguage":"en-US","potentialAction":[{"@type":"ReadAction","target":["https:\/\/www.kairosquartett.de\/en\/other-reviews\/gerd-kuehr-komponist\/"]}]},{"@type":"BreadcrumbList","@id":"https:\/\/www.kairosquartett.de\/en\/other-reviews\/gerd-kuehr-komponist\/#breadcrumb","itemListElement":[{"@type":"ListItem","position":1,"name":"Startseite","item":"https:\/\/www.kairosquartett.de\/en\/welcome\/"},{"@type":"ListItem","position":2,"name":"Andere Stimmen","item":"https:\/\/www.kairosquartett.de\/en\/other-reviews\/"},{"@type":"ListItem","position":3,"name":"Gerd K\u00fchr, Komponist"}]},{"@type":"WebSite","@id":"https:\/\/www.kairosquartett.de\/en\/#website","url":"https:\/\/www.kairosquartett.de\/en\/","name":"Kairos Quartett","description":"Official website of the Kairos Quartett, a professional quartet specialised in contemporary music based in Berlin, Germany.","publisher":{"@id":"https:\/\/www.kairosquartett.de\/en\/#organization"},"potentialAction":[{"@type":"SearchAction","target":{"@type":"EntryPoint","urlTemplate":"https:\/\/www.kairosquartett.de\/en\/?s={search_term_string}"},"query-input":{"@type":"PropertyValueSpecification","valueRequired":true,"valueName":"search_term_string"}}],"inLanguage":"en-US"},{"@type":"Organization","@id":"https:\/\/www.kairosquartett.de\/en\/#organization","name":"Kairos Quartett","url":"https:\/\/www.kairosquartett.de\/en\/","logo":{"@type":"ImageObject","inLanguage":"en-US","@id":"https:\/\/www.kairosquartett.de\/en\/#\/schema\/logo\/image\/","url":"https:\/\/www.kairosquartett.com\/wp-content\/uploads\/2023\/10\/cropped-kq-logo-512px.jpg","contentUrl":"https:\/\/www.kairosquartett.com\/wp-content\/uploads\/2023\/10\/cropped-kq-logo-512px.jpg","width":512,"height":512,"caption":"Kairos Quartett"},"image":{"@id":"https:\/\/www.kairosquartett.de\/en\/#\/schema\/logo\/image\/"},"sameAs":["https:\/\/www.facebook.com\/people\/Kairos-Quartett\/100083232457507\/"]}]}},"_links":{"self":[{"href":"https:\/\/www.kairosquartett.de\/en\/wp-json\/wp\/v2\/andere-stimmen\/1701","targetHints":{"allow":["GET"]}}],"collection":[{"href":"https:\/\/www.kairosquartett.de\/en\/wp-json\/wp\/v2\/andere-stimmen"}],"about":[{"href":"https:\/\/www.kairosquartett.de\/en\/wp-json\/wp\/v2\/types\/andere-stimmen"}],"wp:attachment":[{"href":"https:\/\/www.kairosquartett.de\/en\/wp-json\/wp\/v2\/media?parent=1701"}],"curies":[{"name":"wp","href":"https:\/\/api.w.org\/{rel}","templated":true}]}}